{"id":1332,"date":"2014-06-03T18:14:43","date_gmt":"2014-06-03T15:14:43","guid":{"rendered":"http:\/\/ufukonen.com\/tr\/?page_id=1332"},"modified":"2015-12-23T22:06:12","modified_gmt":"2015-12-23T20:06:12","slug":"ses-kayit-muzik-teknolojisi-terimler-sozluk-0","status":"publish","type":"page","link":"https:\/\/www.ufukonen.com\/tr\/ses-kayit-muzik-teknolojisi-terimler-sozluk-0","title":{"rendered":"Terimler S\u00f6zl\u00fc\u011f\u00fc: 0 &#8211; 9"},"content":{"rendered":"<h1><a href=\"http:\/\/ufukonen.com\/tr\/ses-kayit-muzik-teknolojisi-terimler-sozluk.html\"><img loading=\"lazy\" class=\"aligncenter size-full wp-image-1405\" src=\"http:\/\/ufukonen.com\/tr\/wp-content\/uploads\/Terimler_Sozlugu-02.jpg\" alt=\"M\u00fczik Teknolojisi M\u00fczik Prod\u00fcksiyonu ve Ses Kay\u0131t Terimler S\u00f6zl\u00fc\u011f\u00fc\" width=\"564\" height=\"100\" srcset=\"https:\/\/www.ufukonen.com\/tr\/wp-content\/uploads\/Terimler_Sozlugu-02.jpg 564w, https:\/\/www.ufukonen.com\/tr\/wp-content\/uploads\/Terimler_Sozlugu-02-300x53.jpg 300w\" sizes=\"(max-width: 564px) 100vw, 564px\" \/><\/a><\/h1>\n<p style=\"text-align: center;\"><a title=\"M\u00fczik Teknolojisi M\u00fczik Prod\u00fcksiyonu ve Ses Kay\u0131t Terimleri S\u00f6zl\u00fc\u011f\u00fc\" href=\"http:\/\/ufukonen.com\/tr\/ses-kayit-muzik-teknolojisi-terimler-sozluk.html\">S\u00f6zl\u00fck Ana Sayfa<\/a><\/p>\n<p>&nbsp;<\/p>\n<h1>0 &#8211; 9<\/h1>\n<p>&nbsp;<\/p>\n<p>1\/4&#8243; balanced konnekt\u00f6r<\/p>\n<p style=\"padding-left: 30px;\">Bkz. 1\/4&#8243; TRS konnekt\u00f6r.<\/p>\n<p>&nbsp;<\/p>\n<p>1\/4&#8243; phone konnekt\u00f6r<\/p>\n<p style=\"padding-left: 30px;\">Telefon teknolojisi k\u00f6kenli, \u015fase ve tek iletkenden olu\u015fan konnekt\u00f6r. Dengesiz sinyal i\u00e7in kullan\u0131l\u0131r. \u0130smini geli\u015ftirildi\u011fi teknoloji (telefon) ve \u00e7ap\u0131ndan (\u00e7eyrek in\u00e7) alm\u0131\u015ft\u0131r. Terminoloji fark\u0131 d\u0131\u015f\u0131nda 1\/4&#8243; TS konnekt\u00f6r ile aralar\u0131nda bir farkl\u0131l\u0131k yoktur. Ayr\u0131ca bkz. 1\/4&#8243; TS Konnekt\u00f6r.<\/p>\n<p>&nbsp;<\/p>\n<p>1\/4&#8243; stereo konnekt\u00f6r<\/p>\n<p style=\"padding-left: 30px;\">Bkz. 1\/4&#8243; TRS konnekt\u00f6r.<\/p>\n<p>&nbsp;<\/p>\n<p>1\/4&#8243; TRS konnekt\u00f6r<\/p>\n<p style=\"padding-left: 30px;\">1\/4&#8243; Tip-Ring-Sleeve. \u015ease ve iki iletkenden olu\u015fan konnekt\u00f6r. Dengeli mono sinyal veya dengesiz stereo sinyal i\u00e7in kullan\u0131l\u0131r. Di\u011fer bir kullan\u0131m alan\u0131 da mikserlerin \u00fczerindeki insert noktalar\u0131 i\u00e7indir. \u0130smini \u00e7ap\u0131ndan (\u00e7eyrek in\u00e7) al\u0131r. Terminoloji fark\u0131 d\u0131\u015f\u0131nda 1\/4&#8243; balanced konnekt\u00f6r ile aralar\u0131nda bir farkl\u0131l\u0131k yoktur. 1\/4&#8243; TRS, 1\/4&#8243; Stereo konnekt\u00f6r ile de tamamen ayn\u0131 fiziksel \u00f6zelliklere sahiptir fakat kullan\u0131m alanlar\u0131 a\u00e7\u0131s\u0131ndan terminoloji olarak farkl\u0131l\u0131k g\u00f6sterirler.<\/p>\n<p>&nbsp;<\/p>\n<p>1\/4&#8243; TS konnekt\u00f6r<\/p>\n<p style=\"padding-left: 30px;\">1\/4 Tip-Sleeve. \u015ease ve tek iletkenden olu\u015fan konnekt\u00f6r. Dengesiz sinyal i\u00e7in kullan\u0131l\u0131r. \u0130smini \u00e7ap\u0131ndan (\u00e7eyrek in\u00e7) alm\u0131\u015ft\u0131r. Terminoloji fark\u0131 d\u0131\u015f\u0131nda 1\/4&#8243; phone konnekt\u00f6r ile aralar\u0131nda bir farkl\u0131l\u0131k yoktur. Ayr\u0131ca bkz. 1\/4&#8243; phone konnekt\u00f6r.<\/p>\n<p>&nbsp;<\/p>\n<p>1\/8&#8243; konnekt\u00f6r<\/p>\n<p style=\"padding-left: 30px;\">Bkz. Mini konnekt\u00f6r.<\/p>\n<p>&nbsp;<\/p>\n<p>2-track<\/p>\n<p style=\"padding-left: 30px;\">Stereo miksler i\u00e7in kullan\u0131lan kay\u0131t cihazlar\u0131na verilen isim.<\/p>\n<p>&nbsp;<\/p>\n<p>3.5 mm konnekt\u00f6r<\/p>\n<p style=\"padding-left: 30px;\">Bkz. Mini konnekt\u00f6r.<\/p>\n<p>&nbsp;<\/p>\n<p>3:1 kural\u0131<\/p>\n<p style=\"padding-left: 30px;\">Ayn\u0131 anda birden fazla mikrofonla \u00e7al\u0131\u015f\u0131rken faz problemlerini en aza indirmek i\u00e7in uygulanmas\u0131 gereken bir kural. Bu kurala g\u00f6re iki mikrofon aras\u0131ndaki uzakl\u0131k mikrofonlar\u0131n ses kaynaklar\u0131na olan uzakl\u0131klar\u0131ndan en az 3 kat\u0131 fazla olmal\u0131d\u0131r.<\/p>\n<p style=\"text-align: center;\"><a href=\"#top\">[ba\u015fa d\u00f6nmek i\u00e7in t\u0131klay\u0131n\u0131z]<\/a><\/p>\n<p style=\"text-align: center;\">\n<p style=\"text-align: center;\">\n","protected":false},"excerpt":{"rendered":"<p class=\"post-excerpt\">S\u00f6zl\u00fck Ana Sayfa &nbsp; 0 &#8211; 9 &nbsp; 1\/4&#8243; balanced konnekt\u00f6r Bkz. 1\/4&#8243; TRS konnekt\u00f6r. &nbsp; 1\/4&#8243; phone konnekt\u00f6r Telefon&#8230;<\/p>\n","protected":false},"author":2,"featured_media":0,"parent":0,"menu_order":0,"comment_status":"closed","ping_status":"open","template":"","meta":{"_mi_skip_tracking":false,"spay_email":""},"jetpack_shortlink":"https:\/\/wp.me\/P3rjsG-lu","jetpack_sharing_enabled":true,"jetpack-related-posts":[{"id":1352,"url":"https:\/\/www.ufukonen.com\/tr\/ses-kayit-muzik-teknolojisi-terimler-sozluk-k","url_meta":{"origin":1332,"position":0},"title":"Terimler S\u00f6zl\u00fc\u011f\u00fc: K &#8211; R","date":"June 3, 2014","format":false,"excerpt":"S\u00f6zl\u00fck Ana Sayfa\u00a0|\u00a0Harflere atlamak i\u00e7in t\u0131klay\u0131n\u0131z: K - L - M - N - O - \u00d6 - P - Q - R \u00a0 K \u00a0 kafa ayar\u0131 Analog bant kay\u0131t cihazlar\u0131n\u0131n kafalar\u0131n\u0131n fiziksel olarak ayarlanmas\u0131. \u0130ngilizcede head alignment olarak adland\u0131r\u0131l\u0131r. \u00a0 kalibrasyon Analog bant kay\u0131t sistemlerinde, belli standartlar dahilinde\u2026","rel":"","context":"Similar post","img":{"alt_text":"","src":"","width":0,"height":0},"classes":[]},{"id":1337,"url":"https:\/\/www.ufukonen.com\/tr\/ses-kayit-muzik-teknolojisi-terimler-sozluk-a","url_meta":{"origin":1332,"position":1},"title":"Terimler S\u00f6zl\u00fc\u011f\u00fc: A &#8211; D","date":"June 3, 2014","format":false,"excerpt":"S\u00f6zl\u00fck Ana Sayfa\u00a0|\u00a0Harflere atlamak i\u00e7in t\u0131klay\u0131n\u0131z:\u00a0A - B - C - \u00c7 - D \u00a0 A \u00a0 AAX Avid Audio Extension. Avid taraf\u0131ndan geli\u015ftirilen real-time olarak Pro Tools alt\u0131nda \u00e7al\u0131\u015fan plug-in format\u0131. \u00a0 A\/D Analog\/Digital. Analogdan dijital \u00e7evirme, ge\u00e7i\u015f i\u015flemi. \u00a0 A\/D Converter Bkz. Analog\/Digital Converter. \u00a0 absorption Ses dalgalar\u0131n\u0131n\u2026","rel":"","context":"Similar post","img":{"alt_text":"","src":"","width":0,"height":0},"classes":[]},{"id":1356,"url":"https:\/\/www.ufukonen.com\/tr\/ses-kayit-muzik-teknolojisi-terimler-sozluk-s","url_meta":{"origin":1332,"position":2},"title":"Terimler S\u00f6zl\u00fc\u011f\u00fc: S &#8211; Z","date":"June 3, 2014","format":false,"excerpt":"S\u00f6zl\u00fck Ana Sayfa\u00a0|\u00a0Harflere atlamak i\u00e7in t\u0131klay\u0131n\u0131z: S - T - U - V - W - X - Y - Z \u00a0 S \u00a0 S\/N Ratio Bkz. Signal-to-Noise Ratio. \u00a0 S\/PDIF Sony\/Philips Digital Interface. Sony ve Philips firmalar\u0131 taraf\u0131ndan geli\u015ftirilen dijital ses aktarma protokol\u00fcd\u00fcr. \u00a0 SACD Super Audio Compact Disc.\u2026","rel":"","context":"Similar post","img":{"alt_text":"","src":"","width":0,"height":0},"classes":[]},{"id":1348,"url":"https:\/\/www.ufukonen.com\/tr\/ses-kayit-muzik-teknolojisi-terimler-sozluk-e","url_meta":{"origin":1332,"position":3},"title":"Terimler S\u00f6zl\u00fc\u011f\u00fc: E &#8211; J","date":"June 3, 2014","format":false,"excerpt":"S\u00f6zl\u00fck Ana Sayfa\u00a0| Harflere atlamak i\u00e7in t\u0131klay\u0131n\u0131z: E - F - G - H - I - \u0130 - J \u00a0 E \u00a0 EBU European Broadcasting Union. Avrupada bulunan radyo ve televizyon yay\u0131nc\u0131lar\u0131 birli\u011fi. \u00a0 echo Bkz. Eko. \u00a0 editorial effects Film ve g\u00f6r\u00fcnt\u00fcl\u00fc programlarda, telefon, kap\u0131 zili, alarm gibi\u2026","rel":"","context":"Similar post","img":{"alt_text":"","src":"","width":0,"height":0},"classes":[]},{"id":3485,"url":"https:\/\/www.ufukonen.com\/tr\/skmt-10-yasina-basti","url_meta":{"origin":1332,"position":4},"title":"Ses Kay\u0131t ve M\u00fczik Teknolojileri 10 Ya\u015f\u0131na Bast\u0131! D\u00fc\u015f\u00fcncelerinizi ve Foto\u011fraflar\u0131n\u0131z\u0131 Di\u011fer Okuyucular ile Payla\u015fmak \u0130ster misiniz?","date":"November 23, 2017","format":false,"excerpt":"Ses Kay\u0131t ve M\u00fczik Teknolojileri (SKMT) adl\u0131 kitab\u0131m\u0131 yazarken b\u00f6yle bir kitaba T\u00fcrkiye'nin ihtiyac\u0131 oldu\u011fundan hi\u00e7 \u015f\u00fcphem yoktu. B\u00fcy\u00fck bir a\u00e7\u0131\u011f\u0131 kapataca\u011f\u0131na inan\u0131yordum. Kap\u0131s\u0131n\u0131 \u00e7ald\u0131\u011f\u0131m yay\u0131nevleri ise farkl\u0131 d\u00fc\u015f\u00fcn\u00fcyordu... Baz\u0131lar\u0131 \"satmaz\" gerek\u00e7esiyle nazik\u00e7e geri \u00e7evirdi, di\u011ferleri de \"kim okusun b\u00f6yle kitab\u0131\" dedi. Daha sonra \u00c7itlembik Yay\u0131nlar\u0131'n\u0131n kap\u0131s\u0131n\u0131 \u00e7ald\u0131m. Zarife \u00d6zt\u00fcrk,\u2026","rel":"","context":"Similar post","img":{"alt_text":"","src":"https:\/\/i0.wp.com\/www.ufukonen.com\/tr\/wp-content\/uploads\/SKMT_10_basim_2017_1920x1024.jpg?resize=350%2C200&ssl=1","width":350,"height":200},"classes":[]},{"id":2325,"url":"https:\/\/www.ufukonen.com\/tr\/ufuk-onen-skmt-mesaj-listesi","url_meta":{"origin":1332,"position":5},"title":"Ufuk \u00d6nen &#8211; Mesaj Listesi","date":"December 10, 2015","format":false,"excerpt":"\u00a0 E-posta adresinizi onaylamam\u0131z gerekmektedir. \u00a0 Kay\u0131t i\u015flemini tamamlamak i\u00e7in l\u00fctfen size g\u00f6nderdi\u011fimiz e-postadaki ba\u011flant\u0131y\u0131 t\u0131klay\u0131n\u0131z. Te\u015fekk\u00fcrler! \u00a0 Ufuk \u00d6nen, T\u00fcrkiye'de bir\u00e7ok m\u00fczik alb\u00fcm\u00fc ve benzeri \u00e7al\u0131\u015fmalar\u0131n yap\u0131mc\u0131l\u0131\u011f\u0131n\u0131 ve kay\u0131t m\u00fchendisli\u011fini \u00fcstlenmi\u015f, aralar\u0131nda uluslararas\u0131 festivallerde g\u00f6sterilmi\u015f filmler de olmak \u00fczere T\u00fcrkiye, Avrupa ve Kuzey Amerika tabanl\u0131 200'den fazla g\u00f6rsel-i\u015fitsel projede\u2026","rel":"","context":"Similar post","img":{"alt_text":"","src":"https:\/\/i0.wp.com\/www.ufukonen.com\/tr\/wp-content\/uploads\/SKMT_10_basim_2017_1920x1024-1024x546.jpg?resize=350%2C200","width":350,"height":200},"classes":[]}],"_links":{"self":[{"href":"https:\/\/www.ufukonen.com\/tr\/wp-json\/wp\/v2\/pages\/1332"}],"collection":[{"href":"https:\/\/www.ufukonen.com\/tr\/wp-json\/wp\/v2\/pages"}],"about":[{"href":"https:\/\/www.ufukonen.com\/tr\/wp-json\/wp\/v2\/types\/page"}],"author":[{"embeddable":true,"href":"https:\/\/www.ufukonen.com\/tr\/wp-json\/wp\/v2\/users\/2"}],"replies":[{"embeddable":true,"href":"https:\/\/www.ufukonen.com\/tr\/wp-json\/wp\/v2\/comments?post=1332"}],"version-history":[{"count":12,"href":"https:\/\/www.ufukonen.com\/tr\/wp-json\/wp\/v2\/pages\/1332\/revisions"}],"predecessor-version":[{"id":2363,"href":"https:\/\/www.ufukonen.com\/tr\/wp-json\/wp\/v2\/pages\/1332\/revisions\/2363"}],"wp:attachment":[{"href":"https:\/\/www.ufukonen.com\/tr\/wp-json\/wp\/v2\/media?parent=1332"}],"curies":[{"name":"wp","href":"https:\/\/api.w.org\/{rel}","templated":true}]}}